{"id":9,"date":"2018-02-14T18:04:28","date_gmt":"2018-02-14T18:04:28","guid":{"rendered":"http:\/\/www.csepelivaroskep.hu\/galeria\/?page_id=9"},"modified":"2018-05-24T14:00:17","modified_gmt":"2018-05-24T14:00:17","slug":"informacio","status":"publish","type":"page","link":"https:\/\/www.csepelivaroskep.hu\/galeria\/informacio\/","title":{"rendered":"R\u00f3lunk"},"content":{"rendered":"\t\t<div data-elementor-type=\"wp-post\" data-elementor-id=\"9\" class=\"elementor elementor-9 elementor-bc-flex-widget\">\n\t\t\t\t\t\t<div class=\"elementor-inner\">\n\t\t\t\t<div class=\"elementor-section-wrap\">\n\t\t\t\t\t\t\t\t\t<section class=\"elementor-section elementor-top-section elementor-element elementor-element-00b5de9 elementor-section-boxed elementor-section-height-default elementor-section-height-default\" data-id=\"00b5de9\" data-element_type=\"section\">\n\t\t\t\t\t\t<div class=\"elementor-container elementor-column-gap-default\">\n\t\t\t\t\t\t\t<div class=\"elementor-row\">\n\t\t\t\t\t<div class=\"elementor-column elementor-col-100 elementor-top-column elementor-element elementor-element-2b0f393\" data-id=\"2b0f393\" data-element_type=\"column\">\n\t\t\t<div class=\"elementor-column-wrap elementor-element-populated\">\n\t\t\t\t\t\t\t<div class=\"elementor-widget-wrap\">\n\t\t\t\t\t\t<div class=\"elementor-element elementor-element-9d2bd6d elementor-widget elementor-widget-text-editor\" data-id=\"9d2bd6d\" data-element_type=\"widget\" data-widget_type=\"text-editor.default\">\n\t\t\t\t<div class=\"elementor-widget-container\">\n\t\t\t\t\t\t\t\t<div class=\"elementor-text-editor elementor-clearfix\">\n\t\t\t\t<p>A Csepel Gal\u00e9ria 1970-ben kezdte meg m\u0171k\u00f6d\u00e9s\u00e9t a II. R\u00e1k\u00f3czi Ferenc \u00faton. A gal\u00e9ria az elm\u00falt \u00e9vtizedekben orsz\u00e1gos rangra emelkedett, a kort\u00e1rs magyar k\u00e9pz\u0151 \u00e9s iparm\u0171v\u00e9szet teljes palett\u00e1j\u00e1t felsorakoztatta. \u00a0Az int\u00e9zm\u00e9nyben havi rendszeress\u00e9ggel ny\u00edlik ki\u00e1ll\u00edt\u00e1s, a modern ir\u00e1nyzatok mellett a hagyom\u00e1nyos m\u0171v\u00e9szeti \u00e9rt\u00e9kek bemutat\u00e1sa is fontos szerepet kap. M\u0171k\u00f6d\u00e9se sor\u00e1n a gal\u00e9ria t\u00f6bbsz\u00f6r helysz\u00ednt v\u00e1ltott, 2005 \u00f3ta a Csete Bal\u00e1zs utc\u00e1ban v\u00e1rja l\u00e1togat\u00f3it.<\/p><p>A Csepel Gal\u00e9ria t\u00f6rt\u00e9nete:<\/p><p>A Csepel Gal\u00e9ria 1970-ben kezdte meg m\u0171k\u00f6d\u00e9s\u00e9t a II. R\u00e1k\u00f3czi Ferenc \u00faton. Az int\u00e9zm\u00e9ny a kezdetekt\u0151l igyekszik bemutatni a magyar kort\u00e1rs k\u00e9pz\u0151 \u00e9s iparm\u0171v\u00e9szet legjav\u00e1t. A korszak kult\u00farpolitik\u00e1j\u00e1t figyelembe v\u00e9ve szinte kiv\u00e9telesnek sz\u00e1m\u00edtott, hogy egy peremker\u00fcletben kort\u00e1rs ki\u00e1ll\u00edt\u00f3hely m\u0171k\u00f6dj\u00f6n. A gal\u00e9ria l\u00e9trej\u00f6tt\u00e9t nagyban seg\u00edtette, hogy 1946-t\u00f3l \u00c9k S\u00e1ndor fest\u0151m\u0171v\u00e9sz vezet\u00e9s\u00e9vel m\u0171v\u00e9szeti szabadiskola indult, ahol els\u0151sorban a munk\u00e1sfiatalok k\u00e9pz\u00e9s\u00e9re ker\u00fclt a hangs\u00faly. Ebben kiemelked\u0151 szakmai munk\u00e1t v\u00e9gzett: Olcsai Kiss Zolt\u00e1n \u00e9s Baksa So\u00f3s Gy\u00f6rgy szobr\u00e1szm\u0171v\u00e9szek, valamint Szentgy\u00f6rgyi Korn\u00e9l, Ilosvay Varga Istv\u00e1n \u00e9s G\u00e1dor Emil fest\u0151m\u0171v\u00e9szek. 1970-t\u0151l szoros egy\u00fcttm\u0171k\u00f6d\u00e9s alakult ki a Csepel Gal\u00e9ri\u00e1val, ahol egy\u00e9ni \u00e9s csoportos ki\u00e1ll\u00edt\u00e1sokon mutatkoztak be a szakk\u00f6r tagjai. A Csepel Gal\u00e9ria l\u00e9trej\u00f6tt\u00e9ben nagy szerepe volt az akkori tan\u00e1cs vezet\u00e9s\u00e9nek \u00e9s Misch \u00c1d\u00e1m fest\u0151m\u0171v\u00e9sznek, a szabadiskola tan\u00e1r\u00e1nak is. Sz\u00e1mos tehets\u00e9g kezdte p\u00e1ly\u00e1j\u00e1t a Csepeli Munk\u00e1sotthon k\u00e9pz\u0151m\u0171v\u00e9sz k\u00f6r\u00e9ben, sokuk k\u00e9s\u0151bb is j\u00f3 kapcsolatot \u00e1polt a Csepel Gal\u00e9ri\u00e1val \u00e9s fontos szerepet v\u00e1llalt a ker\u00fclet vizu\u00e1lis kult\u00far\u00e1j\u00e1nak terjeszt\u00e9s\u00e9ben. A gal\u00e9ria elm\u00falt \u00e9vtizedekben orsz\u00e1gos rangra emelkedett, a kort\u00e1rs magyar k\u00e9pz\u0151 \u00e9s iparm\u0171v\u00e9szet teljes palett\u00e1j\u00e1t felsorakoztatta. Az int\u00e9zm\u00e9nyben havi rendszeress\u00e9ggel ny\u00edlik \u00faj ki\u00e1ll\u00edt\u00e1s, tov\u00e1bbra is fontos a modern ir\u00e1nyzatok, valamint a hagyom\u00e1nyos m\u0171v\u00e9szeti \u00e9rt\u00e9kek bemutat\u00e1sa.<\/p>\t\t\t\t\t<\/div>\n\t\t\t\t\t\t<\/div>\n\t\t\t\t<\/div>\n\t\t\t\t\t\t<\/div>\n\t\t\t\t\t<\/div>\n\t\t<\/div>\n\t\t\t\t\t\t\t\t<\/div>\n\t\t\t\t\t<\/div>\n\t\t<\/section>\n\t\t\t\t\t\t\t\t\t<\/div>\n\t\t\t<\/div>\n\t\t\t\t\t<\/div>\n\t\t","protected":false},"excerpt":{"rendered":"<p>A Csepel Gal\u00e9ria 1970-ben kezdte meg m\u0171k\u00f6d\u00e9s\u00e9t a II. R\u00e1k\u00f3czi Ferenc \u00faton. A gal\u00e9ria az elm\u00falt \u00e9vtizedekben orsz\u00e1gos rangra emelkedett, a kort\u00e1rs magyar k\u00e9pz\u0151 \u00e9s iparm\u0171v\u00e9szet teljes palett\u00e1j\u00e1t felsorakoztatta. \u00a0Az int\u00e9zm\u00e9nyben havi rendszeress\u00e9ggel ny\u00edlik ki\u00e1ll\u00edt\u00e1s, a modern ir\u00e1nyzatok mellett a hagyom\u00e1nyos m\u0171v\u00e9szeti \u00e9rt\u00e9kek bemutat\u00e1sa is fontos szerepet kap. M\u0171k\u00f6d\u00e9se sor\u00e1n a gal\u00e9ria t\u00f6bbsz\u00f6r helysz\u00ednt v\u00e1ltott, [&hellip;]<\/p>\n","protected":false},"author":1,"featured_media":37,"parent":0,"menu_order":0,"comment_status":"closed","ping_status":"closed","template":"","meta":[],"acf":[],"_links":{"self":[{"href":"https:\/\/www.csepelivaroskep.hu\/galeria\/wp-json\/wp\/v2\/pages\/9"}],"collection":[{"href":"https:\/\/www.csepelivaroskep.hu\/galeria\/wp-json\/wp\/v2\/pages"}],"about":[{"href":"https:\/\/www.csepelivaroskep.hu\/galeria\/wp-json\/wp\/v2\/types\/page"}],"author":[{"embeddable":true,"href":"https:\/\/www.csepelivaroskep.hu\/galeria\/wp-json\/wp\/v2\/users\/1"}],"replies":[{"embeddable":true,"href":"https:\/\/www.csepelivaroskep.hu\/galeria\/wp-json\/wp\/v2\/comments?post=9"}],"version-history":[{"count":8,"href":"https:\/\/www.csepelivaroskep.hu\/galeria\/wp-json\/wp\/v2\/pages\/9\/revisions"}],"predecessor-version":[{"id":36,"href":"https:\/\/www.csepelivaroskep.hu\/galeria\/wp-json\/wp\/v2\/pages\/9\/revisions\/36"}],"wp:featuredmedia":[{"embeddable":true,"href":"https:\/\/www.csepelivaroskep.hu\/galeria\/wp-json\/wp\/v2\/media\/37"}],"wp:attachment":[{"href":"https:\/\/www.csepelivaroskep.hu\/galeria\/wp-json\/wp\/v2\/media?parent=9"}],"curies":[{"name":"wp","href":"https:\/\/api.w.org\/{rel}","templated":true}]}}