{"id":10,"date":"2018-02-14T14:45:56","date_gmt":"2018-02-14T14:45:56","guid":{"rendered":"http:\/\/www.csepelivaroskep.hu\/nyugdijashaz\/?page_id=10"},"modified":"2018-09-03T16:13:45","modified_gmt":"2018-09-03T16:13:45","slug":"szolgaltatasok","status":"publish","type":"page","link":"https:\/\/www.csepelivaroskep.hu\/nyugdijashaz\/szolgaltatasok\/","title":{"rendered":"Szolg\u00e1ltat\u00e1sok"},"content":{"rendered":"\t\t<div data-elementor-type=\"wp-post\" data-elementor-id=\"10\" class=\"elementor elementor-10 elementor-bc-flex-widget\">\n\t\t\t\t\t\t<div class=\"elementor-inner\">\n\t\t\t\t<div class=\"elementor-section-wrap\">\n\t\t\t\t\t\t\t\t\t<section class=\"elementor-section elementor-top-section elementor-element elementor-element-dcbefc4 elementor-section-boxed elementor-section-height-default elementor-section-height-default\" data-id=\"dcbefc4\" data-element_type=\"section\">\n\t\t\t\t\t\t<div class=\"elementor-container elementor-column-gap-default\">\n\t\t\t\t\t\t\t<div class=\"elementor-row\">\n\t\t\t\t\t<div class=\"elementor-column elementor-col-100 elementor-top-column elementor-element elementor-element-ae45035\" data-id=\"ae45035\" data-element_type=\"column\">\n\t\t\t<div class=\"elementor-column-wrap elementor-element-populated\">\n\t\t\t\t\t\t\t<div class=\"elementor-widget-wrap\">\n\t\t\t\t\t\t<div class=\"elementor-element elementor-element-c5ce4ec elementor-widget elementor-widget-text-editor\" data-id=\"c5ce4ec\" data-element_type=\"widget\" data-widget_type=\"text-editor.default\">\n\t\t\t\t<div class=\"elementor-widget-container\">\n\t\t\t\t\t\t\t\t<div class=\"elementor-text-editor elementor-clearfix\">\n\t\t\t\t<p>A Nyugd\u00edjas K\u00f6z\u00f6ss\u00e9gi H\u00e1zat h\u00e9tf\u0151t\u0151l p\u00e9ntekig vehetik ig\u00e9nybe az id\u0151sek, de k\u00fcl\u00f6nf\u00e9le rendezv\u00e9nyek vagy m\u00e1s esem\u00e9nyek alkalm\u00e1val h\u00e9tv\u00e9g\u00e9n is a rendelkez\u00e9s\u00fckre \u00e1ll.\u00a0\u00a0<\/p><p>Az \u00e9p\u00fcletben t\u00e1rsalg\u00f3, koncertekre, filmvet\u00edt\u00e9sre, \u00f6sszej\u00f6vetelek rendez\u00e9s\u00e9re, k\u00fcl\u00f6nf\u00e9le programok megtart\u00e1s\u00e1ra alkalmas helyis\u00e9gek, eg\u00e9szs\u00e9g\u00fcgyi szoba tal\u00e1lhat\u00f3k.<\/p>\t\t\t\t\t<\/div>\n\t\t\t\t\t\t<\/div>\n\t\t\t\t<\/div>\n\t\t\t\t\t\t<\/div>\n\t\t\t\t\t<\/div>\n\t\t<\/div>\n\t\t\t\t\t\t\t\t<\/div>\n\t\t\t\t\t<\/div>\n\t\t<\/section>\n\t\t\t\t<section class=\"elementor-section elementor-top-section elementor-element elementor-element-39d8aa1 elementor-section-boxed elementor-section-height-default elementor-section-height-default\" data-id=\"39d8aa1\" data-element_type=\"section\">\n\t\t\t\t\t\t<div class=\"elementor-container elementor-column-gap-default\">\n\t\t\t\t\t\t\t<div class=\"elementor-row\">\n\t\t\t\t\t<div class=\"elementor-column elementor-col-100 elementor-top-column elementor-element elementor-element-f603a92\" data-id=\"f603a92\" data-element_type=\"column\">\n\t\t\t<div class=\"elementor-column-wrap elementor-element-populated\">\n\t\t\t\t\t\t\t<div class=\"elementor-widget-wrap\">\n\t\t\t\t\t\t<div class=\"elementor-element elementor-element-de4ebea elementor-widget elementor-widget-text-editor\" data-id=\"de4ebea\" data-element_type=\"widget\" data-widget_type=\"text-editor.default\">\n\t\t\t\t<div class=\"elementor-widget-container\">\n\t\t\t\t\t\t\t\t<div class=\"elementor-text-editor elementor-clearfix\">\n\t\t\t\t<ul><li><h2><strong>Kultur\u00e1lis programok<\/strong><\/h2><\/li><\/ul><p>Var\u00e1zslatos klasszikus zene, Csepeli n\u00e9pek zen\u00e9je, irodalmi m\u0171sorok, \u00fati besz\u00e1mol\u00f3k, filmvet\u00edt\u00e9sek<\/p><ul><li><h2><strong>Jogi tan\u00e1csad\u00e1s<\/strong><\/h2><\/li><\/ul><p>Polg\u00e1ri \u00e9s k\u00f6zigazgat\u00e1si k\u00e9rd\u00e9sekben tan\u00e1csad\u00e1s<br \/>Id\u0151pont: h\u00e9tf\u0151 15-18 \u00f3ra k\u00f6z\u00f6tt <br \/>Jog\u00e1sz: Simonfalvin\u00e9 dr. Seres \u00c9va \u00fcgyv\u00e9d<\/p><ul><li><h2><strong>\u0150rizd az eg\u00e9szs\u00e9ged!<\/strong><\/h2><\/li><\/ul><p><span style=\"text-decoration: underline;\">Eg\u00e9szs\u00e9g\u00fcnk v\u00e9delm\u00e9ben ismeretterjeszt\u0151 el\u0151ad\u00e1sok.\u00a0<\/span><br \/>Id\u0151pont: p\u00e1ros h\u00e9t h\u00e9tf\u0151j\u00e9n 15 \u00f3r\u00e1t\u00f3l<br \/>El\u0151ad\u00f3: dr. Ol\u00e1h Ilona belgy\u00f3gy\u00e1sz.<\/p><p><span style=\"text-decoration: underline;\">Friss\u00edt\u0151 gy\u00f3gymassz\u00e1zs<\/span><br \/>Id\u0151pont: h\u00e9tf\u0151 10-15 \u00f3ra<br \/>Massz\u0151r: dr. Solymosi M\u00e1ria<\/p><p><span style=\"text-decoration: underline;\">K\u00edm\u00e9l\u0151 torna<\/span> <br \/>Id\u0151pont: h\u00e9tf\u0151, p\u00e9ntek 8-10 \u00f3ra<\/p><p><span style=\"text-decoration: underline;\">Meridi\u00e1n torna<\/span><br \/>Id\u0151pont: h\u00e9tf\u0151 10-11 \u00f3ra<\/p><p><span style=\"text-decoration: underline;\">Hast\u00e1nc<\/span><br \/>Oktat\u00f3: Tak\u00e1cs T\u00fcnde<\/p><ul><li><h2><strong>T\u00e1ncos szombatok\u00a0 <\/strong><\/h2><\/li><\/ul><p>Zen\u00e9s-t\u00e1ncos d\u00e9lut\u00e1nok<br \/>Id\u0151pont: szombat 16-19 \u00f3ra<br \/>A zen\u00e9t szolg\u00e1ltatja: Somogyi K\u00e1roly el\u0151ad\u00f3m\u0171v\u00e9sz<\/p><ul><li><h2><strong>\u00c9nek <\/strong><\/h2><\/li><\/ul><p>A muzsika t\u00e9ged k\u00f6sz\u00f6nt j\u00f3 bar\u00e1t! \u00c9nekelni, egy\u00fctt lenni j\u00f3, \u00e9nekelj vel\u00fcnk!<br \/>Id\u0151pont: cs\u00fct\u00f6rt\u00f6k 10-12 \u00f3ra<br \/>\u00c9nektan\u00e1r: J\u00f3zsa G\u00e1born\u00e9\u00a0<\/p><ul><li><h2><strong>Angol <\/strong><\/h2><\/li><\/ul><p>Kezd\u0151knek \u00e9s halad\u00f3knak.<br \/>Id\u0151pont: kedd 12-18 \u00f3ra<br \/>Oktat\u00f3k: Szab\u00f3 Jen\u0151n\u00e9, V\u00e1rkonyi \u00c1gnes<\/p><ul><li><h2><strong>J\u00e1t\u00e9kos d\u00e9lel\u0151tt\u00f6k \u00e9s d\u00e9lut\u00e1nok<\/strong><\/h2><\/li><\/ul><p>Szeretettel v\u00e1rjuk a sakkozni \u00e9s k\u00e1rty\u00e1zni v\u00e1gy\u00f3kat, a t\u00e1rsasj\u00e1t\u00e9kokat kedvel\u0151 nyugd\u00edjasokat.<br \/>Id\u0151pont: kedd, cs\u00fct\u00f6rt\u00f6k 15-18 \u00f3ra &#8211; vet\u00e9lked\u0151vel egybek\u00f6t\u00f6tt t\u00e1rsas j\u00e1t\u00e9kok<br \/>Minden nap 14-19 \u00f3ra &#8211; sakk, k\u00e1rtya<\/p><p><strong>\u00a0<\/strong><\/p><p><strong>A pontos id\u0151pontokat havonta megtal\u00e1lhatj\u00e1k a Csepeli H\u00edrmond\u00f3ban!<\/strong><\/p><p><strong>\u00a0<\/strong><\/p><p><strong>Programokra a regisztr\u00e1lt jelentkez\u0151ket tudjuk fogadni<\/strong>.<\/p><p>Regisztr\u00e1lni a +36 1 278 0128-as telefonsz\u00e1mon vagy a <a href=\"mailto:nyugdijashaz@csepelivaroskep.hu\">nyugdijashaz@csepelivaroskep.hu<\/a> c\u00edmen vagy szem\u00e9lyesen munkanapokon 10-16 \u00f3r\u00e1ig a Nyugd\u00edjas K\u00f6z\u00f6ss\u00e9gi H\u00e1zban.<\/p>\t\t\t\t\t<\/div>\n\t\t\t\t\t\t<\/div>\n\t\t\t\t<\/div>\n\t\t\t\t\t\t<\/div>\n\t\t\t\t\t<\/div>\n\t\t<\/div>\n\t\t\t\t\t\t\t\t<\/div>\n\t\t\t\t\t<\/div>\n\t\t<\/section>\n\t\t\t\t\t\t\t\t\t<\/div>\n\t\t\t<\/div>\n\t\t\t\t\t<\/div>\n\t\t","protected":false},"excerpt":{"rendered":"<p>A Nyugd\u00edjas K\u00f6z\u00f6ss\u00e9gi H\u00e1zat h\u00e9tf\u0151t\u0151l p\u00e9ntekig vehetik ig\u00e9nybe az id\u0151sek, de k\u00fcl\u00f6nf\u00e9le rendezv\u00e9nyek vagy m\u00e1s esem\u00e9nyek alkalm\u00e1val h\u00e9tv\u00e9g\u00e9n is a rendelkez\u00e9s\u00fckre \u00e1ll.\u00a0\u00a0 Az \u00e9p\u00fcletben t\u00e1rsalg\u00f3, koncertekre, filmvet\u00edt\u00e9sre, \u00f6sszej\u00f6vetelek rendez\u00e9s\u00e9re, k\u00fcl\u00f6nf\u00e9le programok megtart\u00e1s\u00e1ra alkalmas helyis\u00e9gek, eg\u00e9szs\u00e9g\u00fcgyi szoba tal\u00e1lhat\u00f3k. Kultur\u00e1lis programok Var\u00e1zslatos klasszikus zene, Csepeli n\u00e9pek zen\u00e9je, irodalmi m\u0171sorok, \u00fati besz\u00e1mol\u00f3k, filmvet\u00edt\u00e9sek Jogi tan\u00e1csad\u00e1s Polg\u00e1ri \u00e9s k\u00f6zigazgat\u00e1si [&hellip;]<\/p>\n","protected":false},"author":1,"featured_media":60,"parent":0,"menu_order":0,"comment_status":"closed","ping_status":"closed","template":"","meta":[],"acf":[],"_links":{"self":[{"href":"https:\/\/www.csepelivaroskep.hu\/nyugdijashaz\/wp-json\/wp\/v2\/pages\/10"}],"collection":[{"href":"https:\/\/www.csepelivaroskep.hu\/nyugdijashaz\/wp-json\/wp\/v2\/pages"}],"about":[{"href":"https:\/\/www.csepelivaroskep.hu\/nyugdijashaz\/wp-json\/wp\/v2\/types\/page"}],"author":[{"embeddable":true,"href":"https:\/\/www.csepelivaroskep.hu\/nyugdijashaz\/wp-json\/wp\/v2\/users\/1"}],"replies":[{"embeddable":true,"href":"https:\/\/www.csepelivaroskep.hu\/nyugdijashaz\/wp-json\/wp\/v2\/comments?post=10"}],"version-history":[{"count":10,"href":"https:\/\/www.csepelivaroskep.hu\/nyugdijashaz\/wp-json\/wp\/v2\/pages\/10\/revisions"}],"predecessor-version":[{"id":78,"href":"https:\/\/www.csepelivaroskep.hu\/nyugdijashaz\/wp-json\/wp\/v2\/pages\/10\/revisions\/78"}],"wp:featuredmedia":[{"embeddable":true,"href":"https:\/\/www.csepelivaroskep.hu\/nyugdijashaz\/wp-json\/wp\/v2\/media\/60"}],"wp:attachment":[{"href":"https:\/\/www.csepelivaroskep.hu\/nyugdijashaz\/wp-json\/wp\/v2\/media?parent=10"}],"curies":[{"name":"wp","href":"https:\/\/api.w.org\/{rel}","templated":true}]}}