{"id":595,"date":"2022-11-02T14:23:03","date_gmt":"2022-11-02T14:23:03","guid":{"rendered":"http:\/\/www.csepelivaroskep.hu\/nyugdijashaz\/?post_type=tribe_events&#038;p=595"},"modified":"2022-11-22T12:46:03","modified_gmt":"2022-11-22T12:46:03","slug":"varazslatos-klasszikus-zene-18","status":"publish","type":"tribe_events","link":"https:\/\/www.csepelivaroskep.hu\/nyugdijashaz\/programok\/varazslatos-klasszikus-zene-18\/","title":{"rendered":"Var\u00e1zslatos klasszikus zene"},"content":{"rendered":"<p>El\u0151ad\u00f3: Bark\u00f3 Laura (\u00e9nek, citera, ukulele)<\/p>\n<div>&#8220;Vannak a l\u00e9leknek r\u00e9gi\u00f3i, melyekbe csak a zene vil\u00e1g\u00edt be.&#8221; Kod\u00e1ly Zolt\u00e1n<\/div>\n<div>Zen\u00e9ben \u00e9s irodalomban gazdag d\u00e9lut\u00e1nra invit\u00e1lok minden embert, aki sz\u00edvesen vil\u00e1g\u00edtja be sz\u00edve, lelke hom\u00e1lyosabb r\u00e9gi\u00f3it. El\u0151ad\u00e1somban n\u00e9pdalok, feldolgoz\u00e1sok, mes\u00e9k \u00e9s versek sz\u00f3lalnak meg, az el\u0151ad\u00e1s v\u00e9g\u00e9n pedig k\u00f6z\u00f6s \u00e9nekl\u00e9ssel koron\u00e1zzuk meg az egy\u00fctt t\u00f6lt\u00f6tt id\u0151t.<\/div>\n<div>V\u00e1rok szeretettel minden kedves \u00e9rdekl\u0151d\u0151t.<\/div>\n<div>Szeretettel : Bark\u00f3 Laura<\/div>\n<p><img loading=\"lazy\" class=\"alignnone size-medium wp-image-604\" src=\"http:\/\/www.csepelivaroskep.hu\/nyugdijashaz\/wp-content\/uploads\/sites\/5\/2022\/11\/DSC_0851-1-200x300.jpg\" alt=\"\" width=\"200\" height=\"300\" srcset=\"https:\/\/www.csepelivaroskep.hu\/nyugdijashaz\/wp-content\/uploads\/sites\/5\/2022\/11\/DSC_0851-1-200x300.jpg 200w, https:\/\/www.csepelivaroskep.hu\/nyugdijashaz\/wp-content\/uploads\/sites\/5\/2022\/11\/DSC_0851-1-682x1024.jpg 682w, https:\/\/www.csepelivaroskep.hu\/nyugdijashaz\/wp-content\/uploads\/sites\/5\/2022\/11\/DSC_0851-1-768x1152.jpg 768w, https:\/\/www.csepelivaroskep.hu\/nyugdijashaz\/wp-content\/uploads\/sites\/5\/2022\/11\/DSC_0851-1-1024x1536.jpg 1024w, https:\/\/www.csepelivaroskep.hu\/nyugdijashaz\/wp-content\/uploads\/sites\/5\/2022\/11\/DSC_0851-1.jpg 1181w\" sizes=\"(max-width: 200px) 100vw, 200px\" \/><\/p>\n","protected":false},"excerpt":{"rendered":"<p>El\u0151ad\u00f3: Bark\u00f3 Laura (\u00e9nek, citera, ukulele) &#8220;Vannak a l\u00e9leknek r\u00e9gi\u00f3i, melyekbe csak a zene vil\u00e1g\u00edt be.&#8221; Kod\u00e1ly Zolt\u00e1n Zen\u00e9ben \u00e9s irodalomban gazdag d\u00e9lut\u00e1nra invit\u00e1lok minden embert, aki sz\u00edvesen vil\u00e1g\u00edtja be sz\u00edve, lelke hom\u00e1lyosabb r\u00e9gi\u00f3it. El\u0151ad\u00e1somban n\u00e9pdalok, feldolgoz\u00e1sok, mes\u00e9k \u00e9s versek sz\u00f3lalnak meg, az el\u0151ad\u00e1s v\u00e9g\u00e9n pedig k\u00f6z\u00f6s \u00e9nekl\u00e9ssel koron\u00e1zzuk meg az egy\u00fctt t\u00f6lt\u00f6tt id\u0151t. V\u00e1rok [&hellip;]<\/p>\n","protected":false},"author":6,"featured_media":0,"comment_status":"open","ping_status":"closed","template":"","meta":[],"tags":[],"tribe_events_cat":[7,14],"acf":[],"_links":{"self":[{"href":"https:\/\/www.csepelivaroskep.hu\/nyugdijashaz\/wp-json\/wp\/v2\/tribe_events\/595"}],"collection":[{"href":"https:\/\/www.csepelivaroskep.hu\/nyugdijashaz\/wp-json\/wp\/v2\/tribe_events"}],"about":[{"href":"https:\/\/www.csepelivaroskep.hu\/nyugdijashaz\/wp-json\/wp\/v2\/types\/tribe_events"}],"author":[{"embeddable":true,"href":"https:\/\/www.csepelivaroskep.hu\/nyugdijashaz\/wp-json\/wp\/v2\/users\/6"}],"replies":[{"embeddable":true,"href":"https:\/\/www.csepelivaroskep.hu\/nyugdijashaz\/wp-json\/wp\/v2\/comments?post=595"}],"version-history":[{"count":4,"href":"https:\/\/www.csepelivaroskep.hu\/nyugdijashaz\/wp-json\/wp\/v2\/tribe_events\/595\/revisions"}],"predecessor-version":[{"id":605,"href":"https:\/\/www.csepelivaroskep.hu\/nyugdijashaz\/wp-json\/wp\/v2\/tribe_events\/595\/revisions\/605"}],"wp:attachment":[{"href":"https:\/\/www.csepelivaroskep.hu\/nyugdijashaz\/wp-json\/wp\/v2\/media?parent=595"}],"wp:term":[{"taxonomy":"post_tag","embeddable":true,"href":"https:\/\/www.csepelivaroskep.hu\/nyugdijashaz\/wp-json\/wp\/v2\/tags?post=595"},{"taxonomy":"tribe_events_cat","embeddable":true,"href":"https:\/\/www.csepelivaroskep.hu\/nyugdijashaz\/wp-json\/wp\/v2\/tribe_events_cat?post=595"}],"curies":[{"name":"wp","href":"https:\/\/api.w.org\/{rel}","templated":true}]}}