{"id":376,"date":"2018-05-07T15:41:21","date_gmt":"2018-05-07T15:41:21","guid":{"rendered":"http:\/\/www.csepelivaroskep.hu\/radnoti\/?post_type=tribe_events&#038;p=376"},"modified":"2018-05-07T15:41:21","modified_gmt":"2018-05-07T15:41:21","slug":"nemet-fiatalok-latogatasa-csepelen","status":"publish","type":"tribe_events","link":"https:\/\/www.csepelivaroskep.hu\/radnoti\/programok\/nemet-fiatalok-latogatasa-csepelen\/","title":{"rendered":"N\u00e9met fiatalok l\u00e1togat\u00e1sa Csepelen"},"content":{"rendered":"<h3>N\u00e9met fiatalok l\u00e1togat\u00e1sa Csepelen<br \/>\nA vil\u00e1g ezer arca<\/h3>\n<p>Kleinbocka \u00e9s P\u00e9cs, Deberndorf \u00e9s Iklad k\u00f6z\u00f6tt \u00f3ri\u00e1si a t\u00e1vols\u00e1g. Ember \u00e9s ember, kult\u00fara \u00e9s kult\u00fara k\u00f6z\u00f6tt azonban kor\u00e1ntsem &#8211; der\u00fclt ki j\u00falius 5-\u00e9n, a Radn\u00f3ti Mikl\u00f3s M\u0171vel\u0151d\u00e9si H\u00e1zban. A m\u0171v\u00e9szetek otthona egy \u00e9jszak\u00e1ra haz\u00e1nkban \u00f6nk\u00e9ntesk\u00e9nt dolgoz\u00f3 n\u00e9met fiatalokat l\u00e1tott vend\u00e9g\u00fcl, akik ker\u00e9kp\u00e1rral \u00e9s sz\u0171nni nem akar\u00f3 k\u00edv\u00e1ncsis\u00e1ggal j\u00e1rj\u00e1k be K\u00f6z\u00e9p-Eur\u00f3p\u00e1t.<\/p>\n<p>\u00d6nk\u00e9nt, dalolva<br \/>\n22 mosolyg\u00f3s, \u00e9rdekl\u0151d\u0151 n\u00e9met fiatalt k\u00f6sz\u00f6nt\u00f6tt Morovik Attila j\u00falius 5-\u00e9n ker\u00fclet\u00fcnkben. Az alpolg\u00e1rmester Magyarorsz\u00e1gon szerzett tapasztalataikr\u00f3l k\u00e9rdezte a n\u00e9met Kulturweit program keret\u00e9ben tapasztalatokat, \u00e9lm\u00e9nyeket gy\u0171jt\u0151 r\u00e9sztvev\u0151ket, majd apr\u00f3 aj\u00e1nd\u00e9kkal, egy-egy Csepel c\u00edmer\u00e9vel ell\u00e1tott pol\u00f3val lepte meg a vend\u00e9geket. A Kulturweit program c\u00e9lja, hogy a n\u00e9met fiatalok min\u00e9l t\u00f6bb, min\u00e9l sokr\u00e9t\u0171bb \u00e9s hitelesebb benyom\u00e1sokat szerezzenek k\u00fclf\u00f6ld\u00f6n. Vera Wirtz \u00e9s Sandra Topalowski projektvezet\u0151k a Biciklikarav\u00e1n akci\u00f3val kapcsolatban elmondt\u00e1k: id\u00e9n harmadszorra v\u00e1gnak neki ker\u00e9kp\u00e1rjaikon K\u00f6z\u00e9p-Eur\u00f3p\u00e1nak. A csapat Budapestr\u0151l indul \u00e9s D\u00f6ms\u00f6d\u00f6n, Kalocs\u00e1n kereszt\u00fcl eg\u00e9szen Belgr\u00e1dig kerekeznek. Vel\u00fck egyid\u0151ben Z\u00e1gr\u00e1bb\u00f3l \u00e9s Bukarestb\u0151l is indult egy-egy kis karav\u00e1n, a h\u00e1rom csapat pedig Belgr\u00e1dban tal\u00e1lkozik. A r\u00e9sztvev\u0151 fiatalok mind \u00f6nk\u00e9ntesek:\u00a0 iskol\u00e1kban, k\u00f6zint\u00e9zm\u00e9nyekben dolgoznak, fogad\u00f3 csal\u00e1dokn\u00e1l laknak, \u00edgy val\u00f3ban r\u00e1l\u00e1tnak a magyar \u00e9let majd minden szegmens\u00e9re.<\/p>\n<p>Csak emberek<br \/>\nViola Leisner tavaly szeptember \u00f3ta \u00f6nk\u00e9ntesk\u00e9nt dolgozik a p\u00e9csi Babits Mih\u00e1ly Gimn\u00e1ziumban, n\u00e9metet \u00e9s angolt tan\u00edt. A programra az\u00e9rt jelentkezett, mert a p\u00e1lyav\u00e1laszt\u00e1s el\u0151tt szerette volna megismerni a vil\u00e1got \u00e9s \u00f6nmag\u00e1t. \u201eC\u00e9lorsz\u00e1got nem v\u00e1laszthattunk, csak r\u00e9gi\u00f3t. Mikor kider\u00fclt, hogy Magyarorsz\u00e1gra j\u00f6hetek, meg\u00f6r\u00fcltem\u201d &#8211; mes\u00e9li a 19 \u00e9ves Viola &#8211; magyarul. A fiatal l\u00e1ny hamar a nyelv szerelmese lett, mert \u201enagyon logikus \u00e9s sz\u00e9p, de nem k\u00f6nny\u0171.\u201d Viola szerint mi magyarok bar\u00e1ts\u00e1gosak, vend\u00e9gszeret\u0151ek vagyunk. Szereti a parkokban, tereken gyermekeikkel s\u00e9t\u00e1l\u00f3 \u00e9desany\u00e1kat, \u201en\u00e1lunk nem annyira szok\u00e1s, hogy az anyuk\u00e1k a gyereket vagy gyerekeket magukkal viszik mindenhov\u00e1.\u201d Azt mondja, nem voltak magyarokkal kapcsolatos sztereot\u00edpi\u00e1k a fej\u00e9ben, mikor meg\u00e9rkezett. \u201eNincsenek klis\u00e9k, sztereot\u00edpi\u00e1k, csak emberek vannak\u201d &#8211; \u00f6sszegez magabiztosan. De vajon mi magyarok, hogyan gondolkodunk r\u00f3luk? \u201eNem \u00e9reztem soha, hogy m\u00e1s elv\u00e1r\u00e1sokat t\u00e1masztan\u00e1nak fel\u00e9m, mert n\u00e9met vagyok.\u201d Anna Rudloff Ikladon v\u00e9gez \u00f6nk\u00e9ntes munk\u00e1t egy \u00e1ltal\u00e1nos iskol\u00e1ban. \u0150 sem \u00e9rz\u00e9kelte soha, hogy a n\u00e9metekhez gyakran t\u00e1rs\u00edtott tulajdons\u00e1gokat &#8211; p\u00e9ld\u00e1ul a\u00a0 pontoss\u00e1got, a h\u0171v\u00f6ss\u00e9get \u00e9s a s\u00f6r szeretet\u00e9t &#8211;\u00a0 b\u00e1rki sz\u00f3ba hozta volna. A 18 \u00e9ves Anna m\u00e1rciusban \u00e9rkezett hozz\u00e1nk, m\u00e9gis sz\u00e9p, tiszta kiejt\u00e9ssel, magyarul v\u00e1laszol a k\u00e9rd\u00e9seimre.<\/p>\n<p>H\u00e1zi lekv\u00e1r, konyhakert<br \/>\nViola augusztus 16-\u00e1n megy vissza a Jena melletti Deberndorfba. Azt mondja, ha Magyarorsz\u00e1gr\u00f3l k\u00e9rdezi csal\u00e1dja, azzal kezdi majd, hogy \u201ea magyarok nagyon kedvesek. Mindenki ad, k\u00edn\u00e1l, szeretettel fogadja a vend\u00e9geket \u00e9s nagyon \u00e9rdekl\u0151d\u0151ek. Az orsz\u00e1g &#8211; f\u0151leg P\u00e9cs &#8211; gy\u00f6ny\u00f6r\u0171, t\u00e9nyleg megszerettem.\u201d Anna egy h\u00f3nap m\u00falva m\u00e1r Kleinbockaban tarthat \u00e9lm\u00e9nybesz\u00e1mol\u00f3t. Ha ma kellene \u00f6sszegeznie, azt mondan\u00e1, hogy \u201eMagyarorsz\u00e1g nyitott. Fontos a csal\u00e1d, a k\u00f6z\u00f6s esem\u00e9nyek. Magyarorsz\u00e1gon a nagymam\u00e1k lekv\u00e1rt k\u00e9sz\u00edtenek, h\u00e1zi sz\u00f6rp\u00f6t isznak, kis kertet m\u0171velnek \u00e9s sok mindet otthon k\u00e9sz\u00edtenek. \u00c9s szeretnek adni bel\u0151le m\u00e1soknak, ilyen az \u00e9n fogad\u00f3csal\u00e1dom is.\u201d<\/p>\n<p>Angel Mariann<\/p>\n","protected":false},"excerpt":{"rendered":"<p>A vil\u00e1g ezer arca<\/p>\n","protected":false},"author":1,"featured_media":0,"comment_status":"closed","ping_status":"closed","template":"","meta":[],"tags":[14,27],"tribe_events_cat":[3],"acf":[],"_links":{"self":[{"href":"https:\/\/www.csepelivaroskep.hu\/radnoti\/wp-json\/wp\/v2\/tribe_events\/376"}],"collection":[{"href":"https:\/\/www.csepelivaroskep.hu\/radnoti\/wp-json\/wp\/v2\/tribe_events"}],"about":[{"href":"https:\/\/www.csepelivaroskep.hu\/radnoti\/wp-json\/wp\/v2\/types\/tribe_events"}],"author":[{"embeddable":true,"href":"https:\/\/www.csepelivaroskep.hu\/radnoti\/wp-json\/wp\/v2\/users\/1"}],"replies":[{"embeddable":true,"href":"https:\/\/www.csepelivaroskep.hu\/radnoti\/wp-json\/wp\/v2\/comments?post=376"}],"version-history":[{"count":1,"href":"https:\/\/www.csepelivaroskep.hu\/radnoti\/wp-json\/wp\/v2\/tribe_events\/376\/revisions"}],"predecessor-version":[{"id":377,"href":"https:\/\/www.csepelivaroskep.hu\/radnoti\/wp-json\/wp\/v2\/tribe_events\/376\/revisions\/377"}],"wp:attachment":[{"href":"https:\/\/www.csepelivaroskep.hu\/radnoti\/wp-json\/wp\/v2\/media?parent=376"}],"wp:term":[{"taxonomy":"post_tag","embeddable":true,"href":"https:\/\/www.csepelivaroskep.hu\/radnoti\/wp-json\/wp\/v2\/tags?post=376"},{"taxonomy":"tribe_events_cat","embeddable":true,"href":"https:\/\/www.csepelivaroskep.hu\/radnoti\/wp-json\/wp\/v2\/tribe_events_cat?post=376"}],"curies":[{"name":"wp","href":"https:\/\/api.w.org\/{rel}","templated":true}]}}