{"id":10,"date":"2018-02-11T14:02:11","date_gmt":"2018-02-11T14:02:11","guid":{"rendered":"http:\/\/www.csepelivaroskep.hu\/szabomagda\/informacio\/"},"modified":"2018-08-14T12:24:35","modified_gmt":"2018-08-14T12:24:35","slug":"informacio","status":"publish","type":"page","link":"https:\/\/www.csepelivaroskep.hu\/szabomagda\/informacio\/","title":{"rendered":"R\u00f3lunk"},"content":{"rendered":"<p>A Nagy Imre \u00c1ltal\u00e1nos M\u0171vel\u0151d\u00e9si K\u00f6zpont (\u00c1MK) K\u00f6zm\u0171vel\u0151d\u00e9se 2017. j\u00falius 1-e \u00f3ta a Csepeli V\u00e1rosk\u00e9p Kft. r\u00e9sze, Szab\u00f3 Magda sz\u00fclet\u00e9s\u00e9nek 100. \u00e9vfordul\u00f3j\u00e1n felvette az \u00edr\u00f3n\u0151 nev\u00e9t \u00e9s Szab\u00f3 Magda K\u00f6z\u00f6ss\u00e9gi T\u00e9r n\u00e9ven m\u0171k\u00f6dik tov\u00e1bb. N\u00e9vad\u00f3nk sz\u00fclet\u00e9snapj\u00e1r\u00f3l filmvet\u00edt\u00e9ssel,\u00a0 \u201eAz \u00c9n Szab\u00f3 Magd\u00e1m\u201d c\u00edmmel felolvas\u00f3 d\u00e9lut\u00e1nnal \u00e9s m\u0171sorral eml\u00e9kezt\u00fcnk meg.<\/p>\n<p>Az ismeretszerz\u0151, az amat\u0151r alkot\u00f3 m\u0171vel\u0151d\u00e9si k\u00f6z\u00f6ss\u00e9gek tev\u00e9kenys\u00e9geit t\u00e1mogatjuk. Az iskolarendszeren k\u00edv\u00fcli tev\u00e9kenys\u00e9g, \u00f6nk\u00e9pz\u0151 tanfolyamok, \u00e9letmin\u0151s\u00e9get \u00e9s \u00e9let es\u00e9lyt jav\u00edt\u00f3 tanul\u00e1si lehet\u0151s\u00e9geket biztos\u00edtunk.<\/p>\n<p>Megismertetj\u00fck a k\u00f6rnyezet\u00fcnkben \u00e9l\u0151 lakoss\u00e1got szellemi , m\u0171v\u00e9szeti \u00e9rt\u00e9keink hagyom\u00e1nyaink felt\u00e1r\u00e1s\u00e1val. a szabadid\u0151 kultur\u00e1lis c\u00e9l\u00fa elt\u00f6lt\u00e9s\u00e9hez biztos\u00edtjuk a felt\u00e9teleket,.<\/p>\n<p>A hagyom\u00e1nyoknak megfelel\u0151en \u00e9vente megrendezz\u00fck a H\u00fcll\u0151ki\u00e1ll\u00edt\u00e1st, az \u00e1ltal\u00e1nos iskol\u00e1k v\u00e9gz\u0151seinek Tov\u00e1bbtanul\u00e1si B\u00f6rz\u00e9t szervez\u00fcnk, s a ker\u00fclet iskol\u00e1inak rendezett M\u0171v\u00e9szeti Szemle szervez\u00e9s\u00e9ben vesz\u00fcnk r\u00e9szt. T\u00f6bb \u00e9ve helysz\u00ednt adunk a Wass Albert \u00e9vfordul\u00f3k meg\u00fcnnepl\u00e9s\u00e9re. Id\u00e9n mi rendezt\u00fck a F\u00f6ld Napj\u00e1hoz kapcsol\u00f3d\u00f3 ker\u00fcleti rendezv\u00e9nyt.<\/p>\n<p>Gal\u00e9ri\u00e1nk 1994 \u00f3ta ad lehet\u0151s\u00e9get a hazai kort\u00e1rs k\u00e9pz\u0151- \u00e9s iparm\u0171v\u00e9szet alkot\u00f3i sz\u00e1m\u00e1ra a\u00a0\u00a0 bemutatkoz\u00e1sra. Havi rendszeress\u00e9ggel (a ny\u00e1ri id\u0151szakot lesz\u00e1m\u00edtva) \u00faj k\u00e9pz\u0151m\u0171v\u00e9szeti ki\u00e1ll\u00edt\u00e1ssal v\u00e1rjuk l\u00e1togat\u00f3inkat. A Csepel-szigeti \u00e9s a D\u00e9l-Pesti R\u00e9gi\u00f3 k\u00e9pz\u0151- \u00e9s iparm\u0171v\u00e9szeti bienn\u00e1l\u00e9 megrendez\u00e9s\u00e9vel , 2019. december\u00e9ben a X. jubileumi ki\u00e1ll\u00edt\u00e1son mutatjuk be\u00a0 a r\u00e9gi\u00f3ban tev\u00e9kenyked\u0151 m\u0171v\u00e9szek legfrissebb alkot\u00e1sait. A bienn\u00e1l\u00e9n ki\u00e1ll\u00edtott m\u0171vekr\u0151l, \u00e9s alkot\u00f3ikr\u00f3l\u00a0 a \u00a0-hagyom\u00e1nynak megfelel\u0151en &#8211; sz\u00ednes katal\u00f3gust adunk ki.<\/p>\n<p>Nyugd\u00edjas l\u00e1togat\u00f3inknak szakk\u00e9pzett oktat\u00f3k seg\u00edts\u00e9g\u00e9vel ingyenes Senior t\u00e1rsast\u00e1nctanfolyamot, Tart\u00e1sjav\u00edt\u00f3 gerinctorn\u00e1t, \u00c9let-t\u00e1ncot, J\u00f3g\u00e1t \u00e9s K\u00e9zimunka k\u00f6rt, Hangf\u00fcrd\u0151t szervez\u00fcnk.\u00a0 Az \u201e\u00d6r\u00f6k Ifjak\u201d rendszeresen tartanak t\u00e1ncos klubfoglalkoz\u00e1st a t\u00e1nc ir\u00e1nt \u00e9rdekl\u0151d\u0151k sz\u00e1m\u00e1ra.<\/p>\n<p>A k\u00e9s\u0151 d\u00e9lut\u00e1ni, esti \u00f3r\u00e1kban Kung fu, Zumba, Fashion Dance, Ritmikus sportgimnasztika, Hip-Hop, Akrobatikus Rock and roll, Hast\u00e1ncoktat\u00e1s zajlik termeinkben. Mi adunk helyet a Kis-Csepel, Csepp-Csepel t\u00e1ncegy\u00fcttesek pr\u00f3b\u00e1inak, valamint a Tehets\u00e9ges \u00f3vod\u00e1sok csoportj\u00e1nak.<\/p>\n<p>Szombat d\u00e9lel\u0151tt\u00f6nk\u00e9nt fogadjuk az \u00edj\u00e1szat ir\u00e1nt \u00e9rdekl\u0151d\u0151ket, megismertetve vel\u00fck ezt az \u00e9rdekes hagyom\u00e1ny\u0151rz\u0151 tev\u00e9kenys\u00e9get.<\/p>\n<p>Idei terveink k\u00f6z\u00f6tt szerepel, hogy rendszeresen tartunk csal\u00e1di d\u00e9lut\u00e1nokat egy \u2013egy \u00fcnnepk\u00f6rh\u00f6z kapcsol\u00f3d\u00f3an, valamint \u00fati besz\u00e1mol\u00f3kat, irodalmi esteket \u00e9s t\u00e1ncos d\u00e9lut\u00e1nokat szervez\u00fcnk.<\/p>\n<h4><a href=\"https:\/\/www.csepelivaroskep.hu\/szabomagda\/wp-content\/uploads\/sites\/4\/2018\/05\/Szab\u00f3-Magda-id\u00e9zetek.pdf\" class=\"pdfemb-viewer\" style=\"\" data-width=\"max\" data-height=\"max\" data-mobile-width=\"0\"  data-scrollbar=\"none\" data-download=\"on\" data-tracking=\"on\" data-newwindow=\"on\" data-pagetextbox=\"off\" data-scrolltotop=\"off\" data-startzoom=\"100\" data-startfpzoom=\"100\" data-toolbar=\"both\" data-toolbar-fixed=\"on\">Szab\u00f3 Magda id\u00e9zetek<br\/><\/a><\/h4>\n","protected":false},"excerpt":{"rendered":"<p>A Nagy Imre \u00c1ltal\u00e1nos M\u0171vel\u0151d\u00e9si K\u00f6zpont (\u00c1MK) K\u00f6zm\u0171vel\u0151d\u00e9se 2017. j\u00falius 1-e \u00f3ta a Csepeli V\u00e1rosk\u00e9p Kft. r\u00e9sze, Szab\u00f3 Magda sz\u00fclet\u00e9s\u00e9nek 100. \u00e9vfordul\u00f3j\u00e1n felvette az \u00edr\u00f3n\u0151 nev\u00e9t \u00e9s Szab\u00f3 Magda K\u00f6z\u00f6ss\u00e9gi T\u00e9r n\u00e9ven m\u0171k\u00f6dik tov\u00e1bb. N\u00e9vad\u00f3nk sz\u00fclet\u00e9snapj\u00e1r\u00f3l filmvet\u00edt\u00e9ssel,\u00a0 \u201eAz \u00c9n Szab\u00f3 Magd\u00e1m\u201d c\u00edmmel felolvas\u00f3 d\u00e9lut\u00e1nnal \u00e9s m\u0171sorral eml\u00e9kezt\u00fcnk meg. Az ismeretszerz\u0151, az amat\u0151r alkot\u00f3 m\u0171vel\u0151d\u00e9si k\u00f6z\u00f6ss\u00e9gek [&hellip;]<\/p>\n","protected":false},"author":1,"featured_media":51,"parent":0,"menu_order":0,"comment_status":"closed","ping_status":"closed","template":"","meta":[],"acf":[],"_links":{"self":[{"href":"https:\/\/www.csepelivaroskep.hu\/szabomagda\/wp-json\/wp\/v2\/pages\/10"}],"collection":[{"href":"https:\/\/www.csepelivaroskep.hu\/szabomagda\/wp-json\/wp\/v2\/pages"}],"about":[{"href":"https:\/\/www.csepelivaroskep.hu\/szabomagda\/wp-json\/wp\/v2\/types\/page"}],"author":[{"embeddable":true,"href":"https:\/\/www.csepelivaroskep.hu\/szabomagda\/wp-json\/wp\/v2\/users\/1"}],"replies":[{"embeddable":true,"href":"https:\/\/www.csepelivaroskep.hu\/szabomagda\/wp-json\/wp\/v2\/comments?post=10"}],"version-history":[{"count":4,"href":"https:\/\/www.csepelivaroskep.hu\/szabomagda\/wp-json\/wp\/v2\/pages\/10\/revisions"}],"predecessor-version":[{"id":240,"href":"https:\/\/www.csepelivaroskep.hu\/szabomagda\/wp-json\/wp\/v2\/pages\/10\/revisions\/240"}],"wp:featuredmedia":[{"embeddable":true,"href":"https:\/\/www.csepelivaroskep.hu\/szabomagda\/wp-json\/wp\/v2\/media\/51"}],"wp:attachment":[{"href":"https:\/\/www.csepelivaroskep.hu\/szabomagda\/wp-json\/wp\/v2\/media?parent=10"}],"curies":[{"name":"wp","href":"https:\/\/api.w.org\/{rel}","templated":true}]}}