{"id":1279,"date":"2022-09-12T09:30:14","date_gmt":"2022-09-12T09:30:14","guid":{"rendered":"http:\/\/www.csepelivaroskep.hu\/szabomagda\/?post_type=tribe_events&#038;p=1279"},"modified":"2022-09-12T09:51:03","modified_gmt":"2022-09-12T09:51:03","slug":"palfy-julianna-festomuvesz-kiallitasa","status":"publish","type":"tribe_events","link":"https:\/\/www.csepelivaroskep.hu\/szabomagda\/programok\/palfy-julianna-festomuvesz-kiallitasa\/","title":{"rendered":"P\u00e1lfy Julianna fest\u0151m\u0171v\u00e9sz ki\u00e1ll\u00edt\u00e1sa"},"content":{"rendered":"<p>Az\u00e9rt lettem fest\u0151, mert igaz\u00e1n csak a m\u0171v\u00e9szetek \u00e9rdekelnek. Minden fajt\u00e1ja. Igaz\u00e1b\u00f3l filmrendez\u0151 szerettem volna lenni, de arra nem volt lehet\u0151s\u00e9gem ez\u00e9rt v\u00e1lasztottam a k\u00e9pz\u0151m\u0171v\u00e9szetet. Any\u00e1m sz\u00e9pen rajzolt, sokat olvasott \u00e9s mi gyerekek meg\u00f6r\u00f6k\u00f6lt\u00fck ezeket. Az irodalom most is fontos szerepet j\u00e1tszik az \u00e9letemben. \u00cdrok is, versek, novell\u00e1k, mesereg\u00e9nyek (M\u00f3ra kiad\u00f3) jelentek meg t\u0151lem.<\/p>\n<p>A k\u00e9pz\u0151m\u0171v\u00e9szetire azonnal felvettek, kedvenc tan\u00e1rom Duncs\u00e1k Attila volt, akinek munk\u00e1ss\u00e1g\u00e1t most is figyelemmel k\u00eds\u00e9rem. Botticelli, Klimt, Schiele, Klee, a sz\u00fcrrealist\u00e1k legink\u00e1bb Bosch \u00e9s Gaudi \u0151k azok, akik nagy hat\u00e1ssal voltak r\u00e1m. Szeretem a nonfigurat\u00edv kifejez\u00e9si form\u00e1t, de sok esetben az ember\u00e1br\u00e1zol\u00e1s felt\u00e9tlen\u00fcl sz\u00fcks\u00e9ges egy t\u00e9ma, hangulat, \u00e9rz\u00e9s \u00e1br\u00e1zol\u00e1s\u00e1hoz. Nem tagadom meg magam, ha pillanatnyilag egy m\u00e1sikfajta\u00a0st\u00edlus, fest\u00e9si m\u00f3d esik j\u00f3l, akkor azt csin\u00e1lom.<\/p>\n<p>Im\u00e1dom a zen\u00e9t. Ahol \u00e9n vagyok ott mindig sz\u00f3l a valamilyen zene, Pink Floyd, Maria Callas, Quimby, magyar n\u00e9pdalok stb.<\/p>\n<p>Sok egy\u00e9ni ki\u00e1ll\u00edt\u00e1som volt, rengeteg csoportos\u00a0ki\u00e1ll\u00edt\u00e1son szerepeltem k\u00e9peimmel. A legeml\u00e9kezetesebb a hajd\u00fab\u00f6sz\u00f6rm\u00e9nyi nagy ki\u00e1ll\u00edt\u00e1som volt. El\u0151z\u0151 \u00e9vben a nemzetk\u00f6zi m\u0171v\u00e9sztelep K\u00e1pl\u00e1r Mikl\u00f3s d\u00edj\u00e1t nyertem, ez\u00e9rt a 2019-es m\u0171v\u00e9sztelep az \u00e9n ki\u00e1ll\u00edt\u00e1sommal ny\u00edlt meg. 2017-ben n\u00edv\u00f3d\u00edjat kaptam.<\/p>\n<p>K\u00e9peim a vil\u00e1g minden t\u00e1j\u00e1ra eljutottak. K\u00f6vetni sem tudom m\u00e1r (USA, Kanada, N\u00e9metorsz\u00e1g, Szlov\u00e1kia, Ausztria stb.).<\/p>\n<p>Am\u00edg van mondanival\u00f3m \u00e9s tudom fogni az ecsetet, tollat addig sz\u00f3rakozom, rem\u00e9lve, hogy m\u00e1soknak is tudok \u00f6r\u00f6m\u00f6t\u00a0szerezni.<\/p>\n","protected":false},"excerpt":{"rendered":"<p>Az\u00e9rt lettem fest\u0151, mert igaz\u00e1n csak a m\u0171v\u00e9szetek \u00e9rdekelnek. Minden fajt\u00e1ja. Igaz\u00e1b\u00f3l filmrendez\u0151 szerettem volna lenni, de arra nem volt lehet\u0151s\u00e9gem ez\u00e9rt v\u00e1lasztottam a k\u00e9pz\u0151m\u0171v\u00e9szetet. Any\u00e1m sz\u00e9pen rajzolt, sokat olvasott \u00e9s mi gyerekek meg\u00f6r\u00f6k\u00f6lt\u00fck ezeket. Az irodalom most is fontos szerepet j\u00e1tszik az \u00e9letemben. \u00cdrok is, versek, novell\u00e1k, mesereg\u00e9nyek (M\u00f3ra kiad\u00f3) jelentek meg t\u0151lem. A [&hellip;]<\/p>\n","protected":false},"author":5,"featured_media":1283,"comment_status":"open","ping_status":"closed","template":"","meta":[],"tags":[],"tribe_events_cat":[],"acf":[],"_links":{"self":[{"href":"https:\/\/www.csepelivaroskep.hu\/szabomagda\/wp-json\/wp\/v2\/tribe_events\/1279"}],"collection":[{"href":"https:\/\/www.csepelivaroskep.hu\/szabomagda\/wp-json\/wp\/v2\/tribe_events"}],"about":[{"href":"https:\/\/www.csepelivaroskep.hu\/szabomagda\/wp-json\/wp\/v2\/types\/tribe_events"}],"author":[{"embeddable":true,"href":"https:\/\/www.csepelivaroskep.hu\/szabomagda\/wp-json\/wp\/v2\/users\/5"}],"replies":[{"embeddable":true,"href":"https:\/\/www.csepelivaroskep.hu\/szabomagda\/wp-json\/wp\/v2\/comments?post=1279"}],"version-history":[{"count":5,"href":"https:\/\/www.csepelivaroskep.hu\/szabomagda\/wp-json\/wp\/v2\/tribe_events\/1279\/revisions"}],"predecessor-version":[{"id":1281,"href":"https:\/\/www.csepelivaroskep.hu\/szabomagda\/wp-json\/wp\/v2\/tribe_events\/1279\/revisions\/1281"}],"wp:featuredmedia":[{"embeddable":true,"href":"https:\/\/www.csepelivaroskep.hu\/szabomagda\/wp-json\/wp\/v2\/media\/1283"}],"wp:attachment":[{"href":"https:\/\/www.csepelivaroskep.hu\/szabomagda\/wp-json\/wp\/v2\/media?parent=1279"}],"wp:term":[{"taxonomy":"post_tag","embeddable":true,"href":"https:\/\/www.csepelivaroskep.hu\/szabomagda\/wp-json\/wp\/v2\/tags?post=1279"},{"taxonomy":"tribe_events_cat","embeddable":true,"href":"https:\/\/www.csepelivaroskep.hu\/szabomagda\/wp-json\/wp\/v2\/tribe_events_cat?post=1279"}],"curies":[{"name":"wp","href":"https:\/\/api.w.org\/{rel}","templated":true}]}}