{"id":530,"date":"2018-11-20T14:55:17","date_gmt":"2018-11-20T14:55:17","guid":{"rendered":"http:\/\/www.csepelivaroskep.hu\/szabomagda\/?post_type=tribe_events&#038;p=530"},"modified":"2018-11-29T13:51:18","modified_gmt":"2018-11-29T13:51:18","slug":"alkotomuveszek-es-muveszetbaratok-rackevei-egyesuletenek-kiallitasmegnyitoja","status":"publish","type":"tribe_events","link":"https:\/\/www.csepelivaroskep.hu\/szabomagda\/programok\/alkotomuveszek-es-muveszetbaratok-rackevei-egyesuletenek-kiallitasmegnyitoja\/","title":{"rendered":"Alkot\u00f3m\u0171v\u00e9szek \u00e9s M\u0171v\u00e9szetbar\u00e1tok R\u00e1ckevei Egyes\u00fclet\u00e9nek ki\u00e1ll\u00edt\u00e1smegnyit\u00f3ja"},"content":{"rendered":"<p><strong>Alkot\u00f3m\u0171v\u00e9szek \u00e9s M\u0171v\u00e9szetbar\u00e1tok R\u00e1ckevei Egyes\u00fclete <\/strong><\/p>\n<p>2005-ben alakult 16 alkot\u00f3 alap\u00edt\u00f3 taggal. C\u00e9ljuk, hogy olyan szakmai \u00e9s bar\u00e1ti k\u00f6z\u00f6ss\u00e9get hozzanak l\u00e9tre, mely v\u00e1ltozatos m\u0171v\u00e9szeti programok \u00e9s folyamatos tapasztalatcsere mellett k\u00f6z\u00f6s ki\u00e1ll\u00edt\u00e1s l\u00e1togat\u00e1sokat, \u00f6sszej\u00f6veteleket is tudjon szervezni. R\u00e1ckeve \u00e9s a k\u00f6rny\u00e9kbeli telep\u00fcl\u00e9sek legtehets\u00e9gesebb alkot\u00f3it gy\u0171jt\u00f6tte egybe. Fest\u0151, grafikus, fafarag\u00f3, t\u0171zzom\u00e1ncos, fot\u00f3s, csipkek\u00e9sz\u00edt\u0151 vesz r\u00e9szt az egyes\u00fclet munk\u00e1j\u00e1ban. V\u00e1ltozatos m\u0171v\u00e9szeti \u00e1gak. &#8220;Civil&#8221; \u00e9let\u00fckben is k\u00fcl\u00f6nb\u00f6z\u0151 ter\u00fcleteken tev\u00e9kenykednek. P\u00e9ld\u00e1ul \u00f6n\u00e1ll\u00f3 k\u00e9pz\u0151m\u0171v\u00e9sz, tan\u00e1r, t\u00e1ncm\u0171v\u00e9sz \u00e9s nyugd\u00edjas egyar\u00e1nt tagja az egyes\u00fcletnek. Egy k\u00f6z\u00f6s benn\u00fck: a m\u0171v\u00e9szet, az alkot\u00e1s lelkes szeretete, tehets\u00e9g\u00fck teljes kibontakoztat\u00e1s\u00e1nak ig\u00e9nye, \u00e9s a lend\u00fclet, a k\u00f6z\u00f6s akarat, ahogy ezt v\u00e9ghezviszik.<\/p>\n<p>Ez lerombol mindenf\u00e9le &#8220;szak\u00e1gi&#8221;, foglalkoz\u00e1si, \u00e9s gener\u00e1ci\u00f3s falat. Tov\u00e1bbra is v\u00e1rj\u00e1k a c\u00e9ljaikkal egyet\u00e9rt\u0151 alkot\u00f3k \u00e9s m\u0171v\u00e9szetbar\u00e1tok csatlakoz\u00e1s\u00e1t. Rendszeresen r\u00e9szt vesznek R\u00e1ckeve \u00e9s a k\u00f6rny\u00e9kbeli telep\u00fcl\u00e9sek kultur\u00e1lis \u00e9let\u00e9ben, ki\u00e1ll\u00edt\u00e1sok, m\u0171v\u00e9szeti foglalkoz\u00e1sok, rendezv\u00e9nyek form\u00e1j\u00e1ban.<\/p>\n<p>Keresik a kapcsolatot a m\u0171v\u00e9szetbar\u00e1t k\u00f6z\u00f6ns\u00e9ggel, m\u0171v\u00e9sz teah\u00e1zak, ny\u00edlt napok sor\u00e1n adnak lehet\u0151s\u00e9get az \u00e9rdekl\u0151d\u0151knek a m\u0171helytitkok megismer\u00e9s\u00e9re. T\u00f6bb alkalommal szerveztek j\u00f3t\u00e9konys\u00e1gi m\u0171t\u00e1rgy aukci\u00f3t. Ny\u00e1ron alkot\u00f3t\u00e1borokban cser\u00e9lik ki szakmai tapasztalataikat.<\/p>\n<p>&nbsp;<\/p>\n<p><strong>Az Egyes\u00fclet n\u00e9vsora 2018<\/strong><\/p>\n<p>\u00c1cs Imr\u00e9n\u00e9- csipkek\u00e9sz\u00edt\u0151 iparm\u0171v\u00e9sz<\/p>\n<p>Beretv\u00e1s Csan\u00e1d- szobr\u00e1sz<\/p>\n<p>Borb\u00e9ly Tam\u00e1s-fest\u0151<\/p>\n<p>Csoll\u00e1k Mih\u00e1ly-fest\u0151<\/p>\n<p>Darabont M\u00e1ria-fot\u00f3s<\/p>\n<p>D\u00e9v\u00e9nyi G\u00e9za-fest\u0151<\/p>\n<p>F\u00e1bi\u00e1n P\u00e9ter-\u00fcvegm\u0171v\u00e9sz<\/p>\n<p>Kakuk P\u00e1l- fafarag\u00f3<\/p>\n<p>Kun P\u00e1l-fest\u0151<\/p>\n<p>Lakatos Zsuzsanna- fot\u00f3s<\/p>\n<p>Mayer Ferenc-fest\u0151<\/p>\n<p>Mayer M\u00e1rton- fot\u00f3s<\/p>\n<p>Mertl Attila-fest\u0151<\/p>\n<p>Nemes Ferenc-farag\u00f3 n\u00e9pi iparm\u0171v\u00e9sz<\/p>\n<p>S\u00e1ndor M\u00e1ria-fest\u0151<\/p>\n<p>S\u00e1nta Istv\u00e1n-fest\u0151<\/p>\n<p>Sneffn\u00e9 Bal\u00e1zs Katalin- t\u0171zzom\u00e1ncos<\/p>\n<p>Szimonidesz Hajnalka-fest\u0151<\/p>\n<p>N\u00e9meth Gabriella- grafikus<\/p>\n","protected":false},"excerpt":{"rendered":"<p>Alkot\u00f3m\u0171v\u00e9szek \u00e9s M\u0171v\u00e9szetbar\u00e1tok R\u00e1ckevei Egyes\u00fclete 2005-ben alakult 16 alkot\u00f3 alap\u00edt\u00f3 taggal. C\u00e9ljuk, hogy olyan szakmai \u00e9s bar\u00e1ti k\u00f6z\u00f6ss\u00e9get hozzanak l\u00e9tre, mely v\u00e1ltozatos m\u0171v\u00e9szeti programok \u00e9s folyamatos tapasztalatcsere mellett k\u00f6z\u00f6s ki\u00e1ll\u00edt\u00e1s l\u00e1togat\u00e1sokat, \u00f6sszej\u00f6veteleket is tudjon szervezni. R\u00e1ckeve \u00e9s a k\u00f6rny\u00e9kbeli telep\u00fcl\u00e9sek legtehets\u00e9gesebb alkot\u00f3it gy\u0171jt\u00f6tte egybe. Fest\u0151, grafikus, fafarag\u00f3, t\u0171zzom\u00e1ncos, fot\u00f3s, csipkek\u00e9sz\u00edt\u0151 vesz r\u00e9szt az egyes\u00fclet munk\u00e1j\u00e1ban. [&hellip;]<\/p>\n","protected":false},"author":5,"featured_media":532,"comment_status":"open","ping_status":"closed","template":"","meta":[],"tags":[],"tribe_events_cat":[],"acf":[],"_links":{"self":[{"href":"https:\/\/www.csepelivaroskep.hu\/szabomagda\/wp-json\/wp\/v2\/tribe_events\/530"}],"collection":[{"href":"https:\/\/www.csepelivaroskep.hu\/szabomagda\/wp-json\/wp\/v2\/tribe_events"}],"about":[{"href":"https:\/\/www.csepelivaroskep.hu\/szabomagda\/wp-json\/wp\/v2\/types\/tribe_events"}],"author":[{"embeddable":true,"href":"https:\/\/www.csepelivaroskep.hu\/szabomagda\/wp-json\/wp\/v2\/users\/5"}],"replies":[{"embeddable":true,"href":"https:\/\/www.csepelivaroskep.hu\/szabomagda\/wp-json\/wp\/v2\/comments?post=530"}],"version-history":[{"count":4,"href":"https:\/\/www.csepelivaroskep.hu\/szabomagda\/wp-json\/wp\/v2\/tribe_events\/530\/revisions"}],"predecessor-version":[{"id":556,"href":"https:\/\/www.csepelivaroskep.hu\/szabomagda\/wp-json\/wp\/v2\/tribe_events\/530\/revisions\/556"}],"wp:featuredmedia":[{"embeddable":true,"href":"https:\/\/www.csepelivaroskep.hu\/szabomagda\/wp-json\/wp\/v2\/media\/532"}],"wp:attachment":[{"href":"https:\/\/www.csepelivaroskep.hu\/szabomagda\/wp-json\/wp\/v2\/media?parent=530"}],"wp:term":[{"taxonomy":"post_tag","embeddable":true,"href":"https:\/\/www.csepelivaroskep.hu\/szabomagda\/wp-json\/wp\/v2\/tags?post=530"},{"taxonomy":"tribe_events_cat","embeddable":true,"href":"https:\/\/www.csepelivaroskep.hu\/szabomagda\/wp-json\/wp\/v2\/tribe_events_cat?post=530"}],"curies":[{"name":"wp","href":"https:\/\/api.w.org\/{rel}","templated":true}]}}