{"id":715,"date":"2019-03-26T10:37:37","date_gmt":"2019-03-26T10:37:37","guid":{"rendered":"http:\/\/www.csepelivaroskep.hu\/szabomagda\/?post_type=tribe_events&#038;p=715"},"modified":"2020-10-15T09:46:43","modified_gmt":"2020-10-15T09:46:43","slug":"2019-aprilis-12-18-00-vegh-edit-es-vegh-peter-kiallitasanak-megnyitasa","status":"publish","type":"tribe_events","link":"https:\/\/www.csepelivaroskep.hu\/szabomagda\/programok\/2019-aprilis-12-18-00-vegh-edit-es-vegh-peter-kiallitasanak-megnyitasa\/","title":{"rendered":"V\u00e9gh Edit \u00e9s V\u00e9gh P\u00e9ter ki\u00e1ll\u00edt\u00e1s\u00e1nak megnyit\u00e1sa"},"content":{"rendered":"<p><strong>V\u00e9gh Edit<\/strong><\/p>\n<ol start=\"1944\">\n<li>\u00e1prilis 26-\u00e1n sz\u00fclettem Csepelen. A K\u00e9pz\u0151-\u00e9s Iparm\u0171v\u00e9szeti Gimn\u00e1ziumba nem siker\u00fclt felv\u00e9telt nyernem, \u00edgy irodai ter\u00fcleten dolgoztam. A m\u0171v\u00e9szet szeretete \u00e9s sz\u00e9ps\u00e9ge ir\u00e1nti \u00e9rdekl\u0151d\u00e9sem v\u00e9gigk\u00eds\u00e9rte eddigi \u00e9letutamat. Munk\u00e1m mellett tanultam varrni, majd 50 \u00e9ves koromban kezdtem el bab\u00e1kat, k\u00e9s\u0151bb textilszobrokat k\u00e9sz\u00edteni.<\/li>\n<\/ol>\n<p>1996-ban tagja lettem a Kiss \u00c1ron Magyar J\u00e1t\u00e9k T\u00e1rsas\u00e1gnak, majd a Budapesti Babaklubnak. Itt lehet\u0151s\u00e9gem ny\u00edlt munk\u00e1immal t\u00f6bb csoportos ki\u00e1ll\u00edt\u00e1son r\u00e9szt venni.<\/p>\n<p>Bemutatkoztam t\u00f6bbek k\u00f6z\u00f6tt Budapesten a Gal\u00e9ria 21-ben, a Keve Gal\u00e9ri\u00e1ban, Szabadk\u00e1n, Gy\u0151rben, K\u0151szegen, B\u00e9csben \u00e9s Pozsonyban is. A Gy\u0151ri ki\u00e1ll\u00edt\u00e1son I. d\u00edjat nyertem.<\/p>\n<p>2018 nyar\u00e1n egy Koll\u00e1zs t\u00e1bor keretein bel\u00fcl Kop\u00f3csy Judit fest\u0151m\u0171v\u00e9sz vezet\u00e9s\u00e9vel ismerkedtem meg ezzel az izgalmas technik\u00e1val. Az\u00f3ta t\u00f6k\u00e9letes\u00edtettem technikai tud\u00e1som \u00e9s elk\u00e9sz\u00fcltem egy ki\u00e1ll\u00edt\u00e1si anyaggal, melyet az Erdei \u00c9va Gal\u00e9ri\u00e1ban tavaly novemberben be is mutathattam.<\/p>\n<p>&nbsp;<\/p>\n<h3><strong>V\u00e9gh P\u00e9ter<\/strong><\/h3>\n<p>1968-ban k\u00f6lt\u00f6ztem Csepelre. M\u00e9g az \u00e9vben bel\u00e9ptem a Munk\u00e1sotthon K\u00e9pz\u0151m\u0171v\u00e9sz K\u00f6r\u00e9be Buna Konstantin tan\u00edtv\u00e1nya lettem. K\u00e9t \u00e9v m\u00falva a fot\u00f3szakk\u00f6rbe is beiratkoztam. A k\u00e9t k\u00f6r j\u00f3l kieg\u00e9sz\u00edti egym\u00e1st. Sok csoportos bemutatkoz\u00e1son vettem r\u00e9szt, el\u0151fordult, hogy mindk\u00e9t m\u0171fajjal szerepeltem egyazon ki\u00e1ll\u00edt\u00e1son.<\/p>\n<p>Dekor\u00e1ci\u00f3sk\u00e9nt dolgoztam a Csepel Vas &#8211; \u00e9s F\u00e9mm\u0171ben, k\u00e9s\u0151bb a Csepeli Pap\u00edrgy\u00e1rban.\u00a0 A fot\u00f3k\u00f6r javaslat\u00e1ra Csepel \u00dajs\u00e1g fot\u00f3sa lettem. A rendszerv\u00e1lt\u00e1s ut\u00e1n a megalakul\u00f3 Cserk\u00e9sz \u00fajs\u00e1g grafikusk\u00e9nt \u00e9s fot\u00f3sk\u00e9nt alkalmazott.<\/p>\n<p>Mostan\u00e1ban az \u00e9rdekel, hogy lehet a k\u00e9t alkot\u00e1si form\u00e1t \u00fagy \u00f6sszehangolni, hogy egym\u00e1s hat\u00e1s\u00e1t er\u0151s\u00edts\u00e9k. A madarak \u00e9s az \u00e1llatok \u00e1br\u00e1zol\u00e1sa a term\u00e9szetes h\u00e1t\u00e9rrel egy\u00fctt megk\u00edv\u00e1nja az alkot\u00f3t\u00f3l a rajztud\u00e1st, a fot\u00f3st\u00f3l a f\u00e9nyt a k\u00e9pen.<\/p>\n<p>A grafik\u00e1t\u00f3l a falik\u00e9pig szinte minden fajt\u00e1j\u00e1t kipr\u00f3b\u00e1ltam a k\u00e9p alkot\u00e1s\u00e1nak. Most a fap\u00e1c a kedvencem, de sz\u00edvesen dolgozom akvarellel.\u00a0 Faragtam f\u00e1t k\u00f6vet \u00e9s gipszet, k\u00e9sz\u00edtettem bronz plakett.\u00a0 A r\u00e9zdombor\u00edt\u00e1st is kipr\u00f3b\u00e1ltam, k\u00f6zben egy kov\u00e1cshoz j\u00e1rtam megtanulni a k\u00fcl\u00f6nb\u00f6z\u0151 kalap\u00e1csok haszn\u00e1lat\u00e1t.<\/p>\n<p>A fot\u00f3z\u00e1s egy kicsit h\u00e1tt\u00e9rbe szor\u00edtotta a k\u00e9pz\u0151m\u0171v\u00e9szetet, m\u00edg a Muray R\u00f3bert term\u00e9szetfest\u0151 m\u0171hely\u00e9be nem ker\u00fcltem. Robi b\u00e1csi hal\u00e1la ut\u00e1n Csisz\u00e1r J\u00f3zsef fest\u0151m\u0171v\u00e9sz v\u00e1llalta el az alkot\u00f3t\u00e1bor vezet\u00e9s\u00e9t.<\/p>\n<p>Rem\u00e9lj\u00fck, hogy m\u00e9g sok\u00e1ig tanulhatunk mester\u00fcnkt\u0151l \u00e9s egym\u00e1st\u00f3l<\/p>\n","protected":false},"excerpt":{"rendered":"<p>V\u00e9gh Edit \u00e1prilis 26-\u00e1n sz\u00fclettem Csepelen. A K\u00e9pz\u0151-\u00e9s Iparm\u0171v\u00e9szeti Gimn\u00e1ziumba nem siker\u00fclt felv\u00e9telt nyernem, \u00edgy irodai ter\u00fcleten dolgoztam. A m\u0171v\u00e9szet szeretete \u00e9s sz\u00e9ps\u00e9ge ir\u00e1nti \u00e9rdekl\u0151d\u00e9sem v\u00e9gigk\u00eds\u00e9rte eddigi \u00e9letutamat. Munk\u00e1m mellett tanultam varrni, majd 50 \u00e9ves koromban kezdtem el bab\u00e1kat, k\u00e9s\u0151bb textilszobrokat k\u00e9sz\u00edteni. 1996-ban tagja lettem a Kiss \u00c1ron Magyar J\u00e1t\u00e9k T\u00e1rsas\u00e1gnak, majd a Budapesti Babaklubnak. [&hellip;]<\/p>\n","protected":false},"author":5,"featured_media":889,"comment_status":"open","ping_status":"closed","template":"","meta":[],"tags":[],"tribe_events_cat":[],"acf":[],"_links":{"self":[{"href":"https:\/\/www.csepelivaroskep.hu\/szabomagda\/wp-json\/wp\/v2\/tribe_events\/715"}],"collection":[{"href":"https:\/\/www.csepelivaroskep.hu\/szabomagda\/wp-json\/wp\/v2\/tribe_events"}],"about":[{"href":"https:\/\/www.csepelivaroskep.hu\/szabomagda\/wp-json\/wp\/v2\/types\/tribe_events"}],"author":[{"embeddable":true,"href":"https:\/\/www.csepelivaroskep.hu\/szabomagda\/wp-json\/wp\/v2\/users\/5"}],"replies":[{"embeddable":true,"href":"https:\/\/www.csepelivaroskep.hu\/szabomagda\/wp-json\/wp\/v2\/comments?post=715"}],"version-history":[{"count":8,"href":"https:\/\/www.csepelivaroskep.hu\/szabomagda\/wp-json\/wp\/v2\/tribe_events\/715\/revisions"}],"predecessor-version":[{"id":897,"href":"https:\/\/www.csepelivaroskep.hu\/szabomagda\/wp-json\/wp\/v2\/tribe_events\/715\/revisions\/897"}],"wp:featuredmedia":[{"embeddable":true,"href":"https:\/\/www.csepelivaroskep.hu\/szabomagda\/wp-json\/wp\/v2\/media\/889"}],"wp:attachment":[{"href":"https:\/\/www.csepelivaroskep.hu\/szabomagda\/wp-json\/wp\/v2\/media?parent=715"}],"wp:term":[{"taxonomy":"post_tag","embeddable":true,"href":"https:\/\/www.csepelivaroskep.hu\/szabomagda\/wp-json\/wp\/v2\/tags?post=715"},{"taxonomy":"tribe_events_cat","embeddable":true,"href":"https:\/\/www.csepelivaroskep.hu\/szabomagda\/wp-json\/wp\/v2\/tribe_events_cat?post=715"}],"curies":[{"name":"wp","href":"https:\/\/api.w.org\/{rel}","templated":true}]}}