{"id":726,"date":"2019-04-17T13:01:30","date_gmt":"2019-04-17T13:01:30","guid":{"rendered":"http:\/\/www.csepelivaroskep.hu\/szabomagda\/?post_type=tribe_events&#038;p=726"},"modified":"2020-10-15T08:29:30","modified_gmt":"2020-10-15T08:29:30","slug":"nagy-elod-festomuvesz-kiallitasanak-megnyitoja","status":"publish","type":"tribe_events","link":"https:\/\/www.csepelivaroskep.hu\/szabomagda\/programok\/nagy-elod-festomuvesz-kiallitasanak-megnyitoja\/","title":{"rendered":"Nagy El\u0151d fest\u0151m\u0171v\u00e9sz ki\u00e1ll\u00edt\u00e1s\u00e1nak megnyit\u00f3ja"},"content":{"rendered":"<h3>\u00c9letrajz<\/h3>\n<p>\u2022 1942-ben sz\u00fcletett Budapesten. 1967-ben v\u00e9gezte el a Magyar K\u00e9pz\u0151m\u0171v\u00e9szeti F\u0151iskol\u00e1t. Mesterei<br \/>\nKmetty J\u00e1nos, Eigel Istv\u00e1n, Szentiv\u00e1nyi Lajos, Barcsay Jen\u0151 \u00e9s Szab\u00f3 Iv\u00e1n voltak.<br \/>\n\u2022 Tanulm\u00e1ny\u00faton j\u00e1rt Eur\u00f3pa legt\u00f6bb orsz\u00e1g\u00e1ban, valamint Gr\u00fazi\u00e1ban, \u00d6rm\u00e9nyorsz\u00e1gban, T\u00f6r\u00f6korsz\u00e1gban, az Amerikai Egyes\u00fclt \u00c1llamokban \u00e9s Kanad\u00e1ban.<br \/>\n\u2022 1967 \u00f3ta tagja a M\u0171v\u00e9szeti Alapnak (most MAOE \u2013 Magyar Alkot\u00f3m\u0171v\u00e9szek Orsz\u00e1gos Egyes\u00fclete)<br \/>\n1975 \u00f3ta tagja a Magyar K\u00e9pz\u0151- \u00e9s Iparm\u0171v\u00e9szek Sz\u00f6vets\u00e9ge fest\u0151 szakoszt\u00e1ly\u00e1nak<br \/>\n1997-t\u0151l tagja a Magyar K\u00e9pz\u0151m\u0171v\u00e9szek Sz\u00f6vets\u00e9ge \u00e9remszakoszt\u00e1ly\u00e1nak is<br \/>\n2000-t\u0151l tagja a Magyar Fest\u0151k T\u00e1rsas\u00e1g\u00e1nak<br \/>\n2002-t\u0151l tagja a Medny\u00e1nszky T\u00e1rsas\u00e1gnak<br \/>\n1972 Derkovits-\u00f6szt\u00f6nd\u00edjat kapott<br \/>\n1983 SZOT \u00f6szt\u00f6nd\u00edjas<br \/>\n1984 A M\u0171vel\u0151d\u00e9si Miniszt\u00e9rium n\u00edv\u00f3d\u00edj\u00e1t kapta<br \/>\n1997 A f\u0151v\u00e1ros Budapest\u00e9rt d\u00edjban r\u00e9szes\u00edtette<br \/>\n2002 Pro Palota D\u00edj<br \/>\n2004 A Kir\u00e1lyh\u00e1g\u00f3mell\u00e9ki Reform\u00e1tus Egyh\u00e1zker\u00fclet \u201eA k\u00f6zj\u00f3 szolg\u00e1lat\u00e1ban\u201d d\u00edja<\/p>\n","protected":false},"excerpt":{"rendered":"<p>\u00c9letrajz \u2022 1942-ben sz\u00fcletett Budapesten. 1967-ben v\u00e9gezte el a Magyar K\u00e9pz\u0151m\u0171v\u00e9szeti F\u0151iskol\u00e1t. Mesterei Kmetty J\u00e1nos, Eigel Istv\u00e1n, Szentiv\u00e1nyi Lajos, Barcsay Jen\u0151 \u00e9s Szab\u00f3 Iv\u00e1n voltak. \u2022 Tanulm\u00e1ny\u00faton j\u00e1rt Eur\u00f3pa legt\u00f6bb orsz\u00e1g\u00e1ban, valamint Gr\u00fazi\u00e1ban, \u00d6rm\u00e9nyorsz\u00e1gban, T\u00f6r\u00f6korsz\u00e1gban, az Amerikai Egyes\u00fclt \u00c1llamokban \u00e9s Kanad\u00e1ban. \u2022 1967 \u00f3ta tagja a M\u0171v\u00e9szeti Alapnak (most MAOE \u2013 Magyar Alkot\u00f3m\u0171v\u00e9szek Orsz\u00e1gos Egyes\u00fclete) [&hellip;]<\/p>\n","protected":false},"author":5,"featured_media":867,"comment_status":"open","ping_status":"closed","template":"","meta":[],"tags":[],"tribe_events_cat":[],"acf":[],"_links":{"self":[{"href":"https:\/\/www.csepelivaroskep.hu\/szabomagda\/wp-json\/wp\/v2\/tribe_events\/726"}],"collection":[{"href":"https:\/\/www.csepelivaroskep.hu\/szabomagda\/wp-json\/wp\/v2\/tribe_events"}],"about":[{"href":"https:\/\/www.csepelivaroskep.hu\/szabomagda\/wp-json\/wp\/v2\/types\/tribe_events"}],"author":[{"embeddable":true,"href":"https:\/\/www.csepelivaroskep.hu\/szabomagda\/wp-json\/wp\/v2\/users\/5"}],"replies":[{"embeddable":true,"href":"https:\/\/www.csepelivaroskep.hu\/szabomagda\/wp-json\/wp\/v2\/comments?post=726"}],"version-history":[{"count":3,"href":"https:\/\/www.csepelivaroskep.hu\/szabomagda\/wp-json\/wp\/v2\/tribe_events\/726\/revisions"}],"predecessor-version":[{"id":732,"href":"https:\/\/www.csepelivaroskep.hu\/szabomagda\/wp-json\/wp\/v2\/tribe_events\/726\/revisions\/732"}],"wp:featuredmedia":[{"embeddable":true,"href":"https:\/\/www.csepelivaroskep.hu\/szabomagda\/wp-json\/wp\/v2\/media\/867"}],"wp:attachment":[{"href":"https:\/\/www.csepelivaroskep.hu\/szabomagda\/wp-json\/wp\/v2\/media?parent=726"}],"wp:term":[{"taxonomy":"post_tag","embeddable":true,"href":"https:\/\/www.csepelivaroskep.hu\/szabomagda\/wp-json\/wp\/v2\/tags?post=726"},{"taxonomy":"tribe_events_cat","embeddable":true,"href":"https:\/\/www.csepelivaroskep.hu\/szabomagda\/wp-json\/wp\/v2\/tribe_events_cat?post=726"}],"curies":[{"name":"wp","href":"https:\/\/api.w.org\/{rel}","templated":true}]}}